{"id":412,"date":"2010-02-05T22:00:59","date_gmt":"2010-02-05T21:00:59","guid":{"rendered":"http:\/\/boeselager-schule.de\/?page_id=412"},"modified":"2018-02-02T07:48:17","modified_gmt":"2018-02-02T06:48:17","slug":"links","status":"publish","type":"page","link":"https:\/\/boeselager-realschule.de\/?page_id=412","title":{"rendered":"Links"},"content":{"rendered":"<p>Hier einige vielleicht hilfreiche Links:<\/p>\n<p><strong>F\u00fcr den Unterricht<\/strong><\/p>\n<ul>\n<li><a href=\"http:\/\/www.ecdl-lernen.de\/\" target=\"_blank\" rel=\"noopener\"><strong>ECDL<\/strong><\/a><\/li>\n<li><a href=\"https:\/\/lms.bildung-rp.de\/boeselager-realschule\/\" target=\"_blank\" rel=\"noopener\">Moodle<\/a><\/li>\n<li><a href=\"https:\/\/omega.bildung-rp.de\/\" target=\"_blank\" rel=\"noopener\">Omega<\/a><\/li>\n<li><a href=\"http:\/\/www.ardmediathek.de\/tv\" target=\"_blank\" rel=\"noopener\">ARD-Mediathek<\/a><\/li>\n<li><a href=\"http:\/\/www.zdf.de\/ZDFmediathek#\/hauptnavigation\/startseite\" target=\"_blank\" rel=\"noopener\">ZDF-Mediathek<\/a><\/li>\n<\/ul>\n<p><strong>Von Lehrern f\u00fcr Sch\u00fcler<\/strong><\/p>\n<ul>\n<li><a style=\"line-height: 1.5;\" title=\" www|breuer-info|de\" href=\"http:\/\/www.breuer-info.de\" target=\"_blank\" rel=\"noopener\">Breuer-Info.de<\/a><\/li>\n<\/ul>\n<p><strong>Schulpartnerschaft<\/strong><\/p>\n<ul>\n<li><a href=\"http:\/\/www.camlaralti.k12.tr\/\" target=\"_blank\" rel=\"noopener\">Izmir Camlaralti Koleji<\/a> (T\u00fcrkische Partnerschule)<\/li>\n<li><a href=\"http:\/\/www.dtf-aw.de\" target=\"_blank\" rel=\"noopener\">Deutsch-T\u00fcrkischer Freundeskreis Ahrweiler<\/a><\/li>\n<\/ul>\n<p><strong>Weiterf\u00fchrende Schulen<\/strong><\/p>\n<ul>\n<li><a title=\"BBS in Bad Neuenahr-Ahrweiler\" href=\"http:\/\/bbs-ahrweiler.de\" target=\"_blank\" rel=\"noopener\">BBS in Bad Neuenahr-Ahrweiler<\/a><\/li>\n<li><a title=\"Peter-J\u00f6rres-Gymnasium Bad Neuenahr-Ahrweiler\" href=\"http:\/\/www.pjg-aw.de\/\" target=\"_blank\" rel=\"noopener\">Peter-J\u00f6rres-Gymnasium in Bad Neuenahr-Ahrweiler<\/a><\/li>\n<li><a href=\"http:\/\/www.aw.bildung-rp.de\/\" target=\"_blank\" rel=\"noopener\">Are-Gymnasium in Bad Neuenahr-Ahrweiler<\/a><\/li>\n<li><a title=\"Gymnasium Calvarienberg in Bad Neuenahr-Ahrweiler\" href=\"http:\/\/www.gymnasium-calvarienberg.de\/\" target=\"_blank\" rel=\"noopener\">Gymnasium Calvarienberg in Bad Neuenahr-Ahrweiler<\/a><\/li>\n<li><a href=\"http:\/\/www.igs-remagen.de\/\" target=\"_blank\" rel=\"noopener\">IGS Remagen<\/a><\/li>\n<li><a href=\"http:\/\/www.rhein-gym.org\/\" target=\"_blank\" rel=\"noopener\">Rhein-Gymnasium in Sinzig<\/a><\/li>\n<li><a href=\"http:\/\/fos-adenau.de\/\" target=\"_blank\" rel=\"noopener\">FOS Adenau<\/a><\/li>\n<li><a href=\"http:\/\/www.glasfachschule.de\/\" target=\"_blank\" rel=\"noopener\">Staatliches Berufskolleg &#8220;Glas-Keramik-Neue Medien&#8221; in Rheinbach <\/a><\/li>\n<li><a href=\"http:\/\/www.flb-bonn.de\" target=\"_blank\" rel=\"noopener\">Friedrich-List-Berufskolleg in Bonn<\/a><\/li>\n<li><a href=\"http:\/\/www.hhb.bonn.de\/\" target=\"_blank\" rel=\"noopener\">Heinrich-Hertz-Berufskolleg in Bonn<\/a><\/li>\n<\/ul>\n<p><strong>Nachbarschulen<\/strong><\/p>\n<ul>\n<li><a href=\"http:\/\/erich-kaestner-schule.bildung-rp.de\/\" target=\"_blank\" rel=\"noopener\">Erich K\u00e4stner-Schule in Bad Neuenahr-Ahrweiler<\/a><\/li>\n<li><a href=\"http:\/\/www.realschule-calvarienberg.de\/\" target=\"_blank\" rel=\"noopener\">Realschule Calvarienberg in Bad Neuenahr-Ahrweiler<\/a><\/li>\n<li><a href=\"http:\/\/www.rsp-remagen.de\/\" target=\"_blank\" rel=\"noopener\">Realschule plus in Remagen<\/a><\/li>\n<li><a href=\"http:\/\/www.brohltalschule.de\/\" target=\"_blank\" rel=\"noopener\">Brohltal-Realschule plus in Niederzissen<\/a><\/li>\n<li><a href=\"http:\/\/www.barbarossaschule-sinzig.de\" target=\"_blank\" rel=\"noopener\">Barbarossaschule &#8211; Sinzig Realschule plus <\/a><\/li>\n<li><a href=\"http:\/\/www.rsplus-altenahr.de\/\" target=\"_blank\" rel=\"noopener\">Ahrtalschule Realschule plus Altenahr<\/a><\/li>\n<li><a href=\"http:\/\/www.rs-adenau.de\/\" target=\"_blank\" rel=\"noopener\">Realschule plus Adenau<\/a><\/li>\n<li><a href=\"http:\/\/www.privatschule-carpediem.de\/\" target=\"_blank\" rel=\"noopener\">Privatschule &#8220;Carpe diem&#8221; in Bad Neuenahr-Ahrweiler<\/a><\/li>\n<\/ul>\n<p><strong>Kommunen<\/strong><\/p>\n<ul>\n<li><a href=\"http:\/\/www.kreis-ahrweiler.de\/\" target=\"_blank\" rel=\"noopener\">Kreis Ahrweiler<\/a><\/li>\n<li><a href=\"http:\/\/www.bad-neuenahr-ahrweiler.de\/\" target=\"_blank\" rel=\"noopener\">Stadt Bad Neuenahr-Ahrweiler<\/a><\/li>\n<\/ul>\n","protected":false},"excerpt":{"rendered":"<p>Hier einige vielleicht hilfreiche Links: F\u00fcr den Unterricht ECDL Moodle Omega ARD-Mediathek ZDF-Mediathek Von Lehrern f\u00fcr Sch\u00fcler Breuer-Info.de Schulpartnerschaft Izmir Camlaralti Koleji (T\u00fcrkische Partnerschule) Deutsch-T\u00fcrkischer Freundeskreis Ahrweiler Weiterf\u00fchrende Schulen BBS in Bad Neuenahr-Ahrweiler Peter-J\u00f6rres-Gymnasium in Bad Neuenahr-Ahrweiler Are-Gymnasium in Bad Neuenahr-Ahrweiler Gymnasium Calvarienberg in Bad Neuenahr-Ahrweiler IGS Remagen Rhein-Gymnasium in Sinzig FOS Adenau Staatliches Berufskolleg [&hellip;]<\/p>\n","protected":false},"author":5,"featured_media":0,"parent":0,"menu_order":22,"comment_status":"closed","ping_status":"open","template":"","meta":{"ngg_post_thumbnail":0,"footnotes":""},"class_list":["post-412","page","type-page","status-publish","hentry"],"yoast_head":"<!-- This site is optimized with the Yoast SEO plugin v28.3 - https:\/\/yoast.com\/product\/yoast-seo-wordpress\/ -->\n<title>Links &#183; Philipp Freiherr von Boeselager Realschule plus Ahrweiler<\/title>\n<meta name=\"description\" content=\"Realschule plus, Ahrweiler, Boeselager Realschule, individuelle F\u00f6rderung, Wahlpflichtf\u00e4cher, internationale Partnerschaften, Arbeitsgemeinschaften, Bildung, Schulgemeinschaft\" \/>\n<meta name=\"robots\" content=\"index, follow, max-snippet:-1, max-image-preview:large, max-video-preview:-1\" \/>\n<link rel=\"canonical\" href=\"https:\/\/boeselager-realschule.de\/?page_id=412\" \/>\n<meta property=\"og:locale\" content=\"de_DE\" \/>\n<meta property=\"og:type\" content=\"article\" \/>\n<meta property=\"og:title\" content=\"Links &#183; Philipp Freiherr von Boeselager Realschule plus Ahrweiler\" \/>\n<meta property=\"og:description\" content=\"Realschule plus, Ahrweiler, Boeselager Realschule, individuelle F\u00f6rderung, Wahlpflichtf\u00e4cher, internationale Partnerschaften, Arbeitsgemeinschaften, Bildung, Schulgemeinschaft\" \/>\n<meta property=\"og:url\" content=\"https:\/\/boeselager-realschule.de\/?page_id=412\" \/>\n<meta property=\"og:site_name\" content=\"Philipp Freiherr von Boeselager Realschule plus Ahrweiler\" \/>\n<meta property=\"article:publisher\" content=\"https:\/\/www.facebook.com\/rsplus\" \/>\n<meta property=\"article:modified_time\" content=\"2018-02-02T06:48:17+00:00\" \/>\n<meta name=\"twitter:card\" content=\"summary_large_image\" \/>\n<meta name=\"twitter:label1\" content=\"Gesch\u00e4tzte Lesezeit\" \/>\n\t<meta name=\"twitter:data1\" content=\"1\u00a0Minute\" \/>\n<script type=\"application\/ld+json\" class=\"yoast-schema-graph\">{\"@context\":\"https:\\\/\\\/schema.org\",\"@graph\":[{\"@type\":\"WebPage\",\"@id\":\"https:\\\/\\\/boeselager-realschule.de\\\/?page_id=412\",\"url\":\"https:\\\/\\\/boeselager-realschule.de\\\/?page_id=412\",\"name\":\"Links &#183; Philipp Freiherr von Boeselager Realschule plus Ahrweiler\",\"isPartOf\":{\"@id\":\"https:\\\/\\\/boeselager-realschule.de\\\/#website\"},\"datePublished\":\"2010-02-05T21:00:59+00:00\",\"dateModified\":\"2018-02-02T06:48:17+00:00\",\"description\":\"Realschule plus, Ahrweiler, Boeselager Realschule, individuelle F\u00f6rderung, Wahlpflichtf\u00e4cher, internationale Partnerschaften, Arbeitsgemeinschaften, Bildung, Schulgemeinschaft\",\"breadcrumb\":{\"@id\":\"https:\\\/\\\/boeselager-realschule.de\\\/?page_id=412#breadcrumb\"},\"inLanguage\":\"de\",\"potentialAction\":[{\"@type\":\"ReadAction\",\"target\":[\"https:\\\/\\\/boeselager-realschule.de\\\/?page_id=412\"]}]},{\"@type\":\"BreadcrumbList\",\"@id\":\"https:\\\/\\\/boeselager-realschule.de\\\/?page_id=412#breadcrumb\",\"itemListElement\":[{\"@type\":\"ListItem\",\"position\":1,\"name\":\"Startseite\",\"item\":\"https:\\\/\\\/boeselager-realschule.de\\\/\"},{\"@type\":\"ListItem\",\"position\":2,\"name\":\"Links\"}]},{\"@type\":\"WebSite\",\"@id\":\"https:\\\/\\\/boeselager-realschule.de\\\/#website\",\"url\":\"https:\\\/\\\/boeselager-realschule.de\\\/\",\"name\":\"Philipp Freiherr von Boeselager Realschule plus Ahrweiler\",\"description\":\"\",\"publisher\":{\"@id\":\"https:\\\/\\\/boeselager-realschule.de\\\/#organization\"},\"potentialAction\":[{\"@type\":\"SearchAction\",\"target\":{\"@type\":\"EntryPoint\",\"urlTemplate\":\"https:\\\/\\\/boeselager-realschule.de\\\/?s={search_term_string}\"},\"query-input\":{\"@type\":\"PropertyValueSpecification\",\"valueRequired\":true,\"valueName\":\"search_term_string\"}}],\"inLanguage\":\"de\"},{\"@type\":\"Organization\",\"@id\":\"https:\\\/\\\/boeselager-realschule.de\\\/#organization\",\"name\":\"Philipp Freiherr von Boeselager Realschule plus Ahrweiler\",\"url\":\"https:\\\/\\\/boeselager-realschule.de\\\/\",\"logo\":{\"@type\":\"ImageObject\",\"inLanguage\":\"de\",\"@id\":\"https:\\\/\\\/boeselager-realschule.de\\\/#\\\/schema\\\/logo\\\/image\\\/\",\"url\":\"https:\\\/\\\/boeselager-realschule.de\\\/wp-content\\\/uploads\\\/2025\\\/02\\\/logo_280-gif.gif\",\"contentUrl\":\"https:\\\/\\\/boeselager-realschule.de\\\/wp-content\\\/uploads\\\/2025\\\/02\\\/logo_280-gif.gif\",\"width\":280,\"height\":226,\"caption\":\"Philipp Freiherr von Boeselager Realschule plus Ahrweiler\"},\"image\":{\"@id\":\"https:\\\/\\\/boeselager-realschule.de\\\/#\\\/schema\\\/logo\\\/image\\\/\"},\"sameAs\":[\"https:\\\/\\\/www.facebook.com\\\/rsplus\"]}]}<\/script>\n<!-- \/ Yoast SEO plugin. -->","yoast_head_json":{"title":"Links &#183; Philipp Freiherr von Boeselager Realschule plus Ahrweiler","description":"Realschule plus, Ahrweiler, Boeselager Realschule, individuelle F\u00f6rderung, Wahlpflichtf\u00e4cher, internationale Partnerschaften, Arbeitsgemeinschaften, Bildung, Schulgemeinschaft","robots":{"index":"index","follow":"follow","max-snippet":"max-snippet:-1","max-image-preview":"max-image-preview:large","max-video-preview":"max-video-preview:-1"},"canonical":"https:\/\/boeselager-realschule.de\/?page_id=412","og_locale":"de_DE","og_type":"article","og_title":"Links &#183; Philipp Freiherr von Boeselager Realschule plus Ahrweiler","og_description":"Realschule plus, Ahrweiler, Boeselager Realschule, individuelle F\u00f6rderung, Wahlpflichtf\u00e4cher, internationale Partnerschaften, Arbeitsgemeinschaften, Bildung, Schulgemeinschaft","og_url":"https:\/\/boeselager-realschule.de\/?page_id=412","og_site_name":"Philipp Freiherr von Boeselager Realschule plus Ahrweiler","article_publisher":"https:\/\/www.facebook.com\/rsplus","article_modified_time":"2018-02-02T06:48:17+00:00","twitter_card":"summary_large_image","twitter_misc":{"Gesch\u00e4tzte Lesezeit":"1\u00a0Minute"},"schema":{"@context":"https:\/\/schema.org","@graph":[{"@type":"WebPage","@id":"https:\/\/boeselager-realschule.de\/?page_id=412","url":"https:\/\/boeselager-realschule.de\/?page_id=412","name":"Links &#183; Philipp Freiherr von Boeselager Realschule plus Ahrweiler","isPartOf":{"@id":"https:\/\/boeselager-realschule.de\/#website"},"datePublished":"2010-02-05T21:00:59+00:00","dateModified":"2018-02-02T06:48:17+00:00","description":"Realschule plus, Ahrweiler, Boeselager Realschule, individuelle F\u00f6rderung, Wahlpflichtf\u00e4cher, internationale Partnerschaften, Arbeitsgemeinschaften, Bildung, Schulgemeinschaft","breadcrumb":{"@id":"https:\/\/boeselager-realschule.de\/?page_id=412#breadcrumb"},"inLanguage":"de","potentialAction":[{"@type":"ReadAction","target":["https:\/\/boeselager-realschule.de\/?page_id=412"]}]},{"@type":"BreadcrumbList","@id":"https:\/\/boeselager-realschule.de\/?page_id=412#breadcrumb","itemListElement":[{"@type":"ListItem","position":1,"name":"Startseite","item":"https:\/\/boeselager-realschule.de\/"},{"@type":"ListItem","position":2,"name":"Links"}]},{"@type":"WebSite","@id":"https:\/\/boeselager-realschule.de\/#website","url":"https:\/\/boeselager-realschule.de\/","name":"Philipp Freiherr von Boeselager Realschule plus Ahrweiler","description":"","publisher":{"@id":"https:\/\/boeselager-realschule.de\/#organization"},"potentialAction":[{"@type":"SearchAction","target":{"@type":"EntryPoint","urlTemplate":"https:\/\/boeselager-realschule.de\/?s={search_term_string}"},"query-input":{"@type":"PropertyValueSpecification","valueRequired":true,"valueName":"search_term_string"}}],"inLanguage":"de"},{"@type":"Organization","@id":"https:\/\/boeselager-realschule.de\/#organization","name":"Philipp Freiherr von Boeselager Realschule plus Ahrweiler","url":"https:\/\/boeselager-realschule.de\/","logo":{"@type":"ImageObject","inLanguage":"de","@id":"https:\/\/boeselager-realschule.de\/#\/schema\/logo\/image\/","url":"https:\/\/boeselager-realschule.de\/wp-content\/uploads\/2025\/02\/logo_280-gif.gif","contentUrl":"https:\/\/boeselager-realschule.de\/wp-content\/uploads\/2025\/02\/logo_280-gif.gif","width":280,"height":226,"caption":"Philipp Freiherr von Boeselager Realschule plus Ahrweiler"},"image":{"@id":"https:\/\/boeselager-realschule.de\/#\/schema\/logo\/image\/"},"sameAs":["https:\/\/www.facebook.com\/rsplus"]}]}},"_links":{"self":[{"href":"https:\/\/boeselager-realschule.de\/index.php?rest_route=\/wp\/v2\/pages\/412","targetHints":{"allow":["GET"]}}],"collection":[{"href":"https:\/\/boeselager-realschule.de\/index.php?rest_route=\/wp\/v2\/pages"}],"about":[{"href":"https:\/\/boeselager-realschule.de\/index.php?rest_route=\/wp\/v2\/types\/page"}],"author":[{"embeddable":true,"href":"https:\/\/boeselager-realschule.de\/index.php?rest_route=\/wp\/v2\/users\/5"}],"replies":[{"embeddable":true,"href":"https:\/\/boeselager-realschule.de\/index.php?rest_route=%2Fwp%2Fv2%2Fcomments&post=412"}],"version-history":[{"count":0,"href":"https:\/\/boeselager-realschule.de\/index.php?rest_route=\/wp\/v2\/pages\/412\/revisions"}],"wp:attachment":[{"href":"https:\/\/boeselager-realschule.de\/index.php?rest_route=%2Fwp%2Fv2%2Fmedia&parent=412"}],"curies":[{"name":"wp","href":"https:\/\/api.w.org\/{rel}","templated":true}]}}